{"id":29,"date":"2023-03-01T10:04:31","date_gmt":"2023-03-01T10:04:31","guid":{"rendered":"https:\/\/sr-group.no\/?page_id=29"},"modified":"2025-10-24T09:43:09","modified_gmt":"2025-10-24T09:43:09","slug":"sustainability","status":"publish","type":"page","link":"https:\/\/sr-group.no\/en\/selskapet\/baerekraft\/","title":{"rendered":"B\u00e6rekraft i SR Group"},"content":{"rendered":"<p data-start=\"343\" data-end=\"736\">SR Group er opptatt av \u00e5 gj\u00f8re en forskjell \u2013 for milj\u00f8et, menneskene og samfunnet rundt oss. Som en ansvarlig logistikkpartner jobber vi hver dag for \u00e5 redusere v\u00e5rt fotavtrykk, skape inkluderende arbeidsplasser og bidra positivt i lokalsamfunnene vi er en del av. B\u00e6rekraft er mer enn et m\u00e5l \u2013 det er en integrert del av v\u00e5r identitet og v\u00e5re valg.<\/p>\n<p data-start=\"343\" data-end=\"736\">Som en ledende akt\u00f8r innen transport og logistikk har SR Group b\u00e5de et ansvar og en mulighet til \u00e5 bidra til en mer b\u00e6rekraftig fremtid. Vi \u00f8nsker \u00e5 g\u00e5 foran som et positivt forbilde i bransjen \u2013 gjennom tydelige valg, m\u00e5lrettede tiltak og et ekte engasjement for b\u00e5de milj\u00f8, mennesker og samfunn. V\u00e5r tiln\u00e6rming er helhetlig, forankret i FNs b\u00e6rekraftsm\u00e5l, og integrert i hele v\u00e5r virksomhet.<\/p>\n<h3 data-start=\"738\" data-end=\"790\">Milj\u00f8 og klima \u2013 p\u00e5 vei mot et lavere fotavtrykk<\/h3>\n<p data-start=\"792\" data-end=\"988\">Vi erkjenner at v\u00e5r virksomhet har milj\u00f8p\u00e5virkning, og derfor tar vi b\u00e6rekraftige grep for \u00e5 redusere v\u00e5rt klimafotavtrykk.<br \/>\nVi jobber aktivt for \u00e5 forbedre v\u00e5r milj\u00f8prestasjon gjennom \u00e5:<\/p>\n<ul data-start=\"269\" data-end=\"800\">\n<li data-start=\"269\" data-end=\"388\">\n<p data-start=\"271\" data-end=\"388\"><strong data-start=\"271\" data-end=\"311\">Redusere utslipp fra transporten v\u00e5r<\/strong> ved \u00e5 bruke alternative drivstoff som HVO og LBG, samt elektriske kj\u00f8ret\u00f8y<\/p>\n<\/li>\n<li data-start=\"389\" data-end=\"494\">\n<p data-start=\"391\" data-end=\"494\"><strong data-start=\"391\" data-end=\"436\">Installere en solcellepark og ladestasjon<\/strong> for \u00e5 st\u00f8tte den videre elektrifiseringen av fl\u00e5ten v\u00e5r<\/p>\n<\/li>\n<li data-start=\"495\" data-end=\"664\">\n<p data-start=\"497\" data-end=\"664\"><strong data-start=\"497\" data-end=\"536\">Ta i bruk energieffektive l\u00f8sninger<\/strong> i terminaler og bygninger, som LED-belysning og et energioptimaliseringssystem som gj\u00f8r det mulig \u00e5 spore str\u00f8mforbruket v\u00e5rt<\/p>\n<\/li>\n<li data-start=\"665\" data-end=\"800\">\n<p data-start=\"667\" data-end=\"800\"><strong data-start=\"667\" data-end=\"716\">Sikre god avfallsh\u00e5ndtering og kildesortering<\/strong> i terminaler, lager og kontorer, og legge til rette for gjenbruk og resirkulering<\/p>\n<\/li>\n<\/ul>\n<p data-start=\"1195\" data-end=\"1416\">M\u00e5let er \u00e5 skape en gr\u00f8nnere logistikkverdi, uten \u00e5 g\u00e5 p\u00e5 bekostning av kvalitet eller leveranseevne. Med st\u00f8tte fra v\u00e5re ansatte, kunder og samarbeidspartnere beveger vi oss steg for steg mot en mer klimavennlig fremtid.<\/p>\n<h3 data-start=\"1418\" data-end=\"1467\">Menneskene f\u00f8rst \u2013 sosial b\u00e6rekraft i praksis<\/h3>\n<p data-start=\"1469\" data-end=\"1675\">V\u00e5re ansatte er kjernen i alt vi gj\u00f8r. Derfor er sosial b\u00e6rekraft en naturlig del av v\u00e5r strategi og kultur. Vi jobber m\u00e5lrettet for \u00e5 sikre et trygt, inkluderende og utviklende arbeidsmilj\u00f8 \u2013 med fokus p\u00e5:<\/p>\n<ul data-start=\"1677\" data-end=\"2177\">\n<li data-start=\"1677\" data-end=\"1832\">\n<p data-start=\"1679\" data-end=\"1832\"><strong data-start=\"1679\" data-end=\"1715\">Helse, milj\u00f8 og sikkerhet (HMS):<\/strong> Regelmessige sikkerhetstiltak, helseoppf\u00f8lging og trivselstiltak bidrar til et trygt og helsefremmende arbeidsmilj\u00f8.<\/p>\n<\/li>\n<li data-start=\"1833\" data-end=\"2015\">\n<p data-start=\"1835\" data-end=\"2015\"><strong data-start=\"1835\" data-end=\"1864\">Mangfold og likestilling:<\/strong> Vi jobber aktivt for en rettferdig og inkluderende kultur der alle har like muligheter \u2013 uavhengig av kj\u00f8nn, alder, etnisitet, religion eller legning.<\/p>\n<\/li>\n<li data-start=\"2016\" data-end=\"2177\">\n<p data-start=\"2018\" data-end=\"2177\"><strong data-start=\"2018\" data-end=\"2046\">Kompetanse og utvikling:<\/strong> Vi \u00f8nsker \u00e5 gi v\u00e5re medarbeidere rom til \u00e5 vokse, utvikle seg og bidra til innovasjon i et fellesskap preget av respekt og tillit.<\/p>\n<\/li>\n<\/ul>\n<p data-start=\"2179\" data-end=\"2318\">Vi er stolte av v\u00e5r lave ulykkesfrekvens og engasjerte medarbeidere, og ser sosial b\u00e6rekraft som en styrke for b\u00e5de selskapet og samfunnet.<\/p>\n<h3 data-start=\"2320\" data-end=\"2376\">Samfunnsengasjement \u2013 lokal kraft med global omtanke<\/h3>\n<p data-start=\"2378\" data-end=\"2601\">B\u00e6rekraft handler ogs\u00e5 om \u00e5 gi noe tilbake. SR Group har et sterkt engasjement i lokalsamfunnene vi er en del av, og vi st\u00f8tter hvert \u00e5r en rekke prosjekter og initiativer som skaper verdi for barn, unge og s\u00e5rbare grupper.<\/p>\n<p data-start=\"2603\" data-end=\"2641\">Gjennom de siste \u00e5rene har vi blant annet bidratt til:<\/p>\n<ul data-start=\"2642\" data-end=\"3086\">\n<li data-start=\"2642\" data-end=\"2809\">\n<p data-start=\"2644\" data-end=\"2809\"><strong data-start=\"2644\" data-end=\"2661\">Barn og unge:<\/strong> Trafikkoppl\u00e6ring med Trafikkland, teknologikonkurranser med Storevarden Toads, og idrettsglede gjennom klubber som Sola HK, IL Havdur og Viking FK.<\/p>\n<\/li>\n<li data-start=\"2810\" data-end=\"2962\">\n<p data-start=\"2812\" data-end=\"2962\"><strong data-start=\"2812\" data-end=\"2837\">Helse og forebygging:<\/strong> Superselma-prosjektet for kreftsyke barn, Bartekampen for prostatakreft, og Bypresten i Sandnes sitt rusforebyggende arbeid.<\/p>\n<\/li>\n<li data-start=\"2963\" data-end=\"3086\">\n<p data-start=\"2965\" data-end=\"3086\"><strong data-start=\"2965\" data-end=\"2996\">Internasjonalt engasjement:<\/strong> Fijistiftelsen, som gir direkte st\u00f8tte til familier i vanskelige livssituasjoner p\u00e5 Fiji.<\/p>\n<\/li>\n<\/ul>\n<p data-start=\"3088\" data-end=\"3358\">Vi tror p\u00e5 kraften i fellesskap \u2013 og at v\u00e5r st\u00f8tte kan v\u00e6re med \u00e5 skape sm\u00e5 og store endringer. Enten det handler om \u00e5 sikre en trygg skolevei, st\u00f8tte ungdommers fritidstilbud eller bidra til bedre helse, \u00f8nsker vi \u00e5 v\u00e6re en positiv kraft der vi har v\u00e5r tilstedev\u00e6relse.<\/p>\n<hr data-start=\"3360\" data-end=\"3363\" \/>\n<p data-start=\"3365\" data-end=\"3654\"><strong data-start=\"3365\" data-end=\"3654\">I SR Group er b\u00e6rekraft ikke bare et m\u00e5l \u2013 det er en rettesnor for hvordan vi tenker, arbeider og utvikler oss. <\/strong><\/p>\n<p data-start=\"3365\" data-end=\"3654\"><strong data-start=\"3365\" data-end=\"3654\">Vi er stolte av det vi har oppn\u00e5dd, men vet at veien videre krever kontinuerlig forbedring, samarbeid og vilje til \u00e5 g\u00e5 foran. Sammen skal vi fortsette \u00e5 gj\u00f8re en forskjell.<\/strong><\/p>","protected":false},"excerpt":{"rendered":"<p>SR Group er opptatt av \u00e5 gj\u00f8re en forskjell \u2013 for milj\u00f8et, menneskene og samfunnet rundt oss. Som en ansvarlig logistikkpartner jobber vi hver dag for \u00e5 redusere v\u00e5rt fotavtrykk, skape inkluderende arbeidsplasser og bidra positivt i lokalsamfunnene vi er en del av. B\u00e6rekraft er mer enn et m\u00e5l \u2013 det er en integrert del [&hellip;]<\/p>\n","protected":false},"author":1,"featured_media":6936,"parent":22,"menu_order":3,"comment_status":"closed","ping_status":"closed","template":"","meta":{"_acf_changed":false,"inline_featured_image":false,"footnotes":""},"class_list":["post-29","page","type-page","status-publish","has-post-thumbnail","hentry"],"acf":[],"yoast_head":"<!-- This site is optimized with the Yoast SEO plugin v27.3 - https:\/\/yoast.com\/product\/yoast-seo-wordpress\/ -->\n<title>B\u00e6rekraft i SR Group - SR Group<\/title>\n<meta name=\"description\" content=\"SR Group tar b\u00e6rekraft p\u00e5 alvor. Les hvordan vi jobber for \u00e5 redusere v\u00e5rt klimafotavtrykk, styrke sosialt ansvar og bidra til lokalsamfunn \u2013 med FNs b\u00e6rekraftsm\u00e5l som rettesnor.\" \/>\n<meta name=\"robots\" content=\"index, follow, max-snippet:-1, max-image-preview:large, max-video-preview:-1\" \/>\n<link rel=\"canonical\" href=\"https:\/\/sr-group.no\/en\/the-company\/sustainability\/\" \/>\n<meta property=\"og:locale\" content=\"en_GB\" \/>\n<meta property=\"og:type\" content=\"article\" \/>\n<meta property=\"og:title\" content=\"B\u00e6rekraft i SR Group - SR Group\" \/>\n<meta property=\"og:description\" content=\"SR Group tar b\u00e6rekraft p\u00e5 alvor. Les hvordan vi jobber for \u00e5 redusere v\u00e5rt klimafotavtrykk, styrke sosialt ansvar og bidra til lokalsamfunn \u2013 med FNs b\u00e6rekraftsm\u00e5l som rettesnor.\" \/>\n<meta property=\"og:url\" content=\"https:\/\/sr-group.no\/en\/the-company\/sustainability\/\" \/>\n<meta property=\"og:site_name\" content=\"SR Group\" \/>\n<meta property=\"article:publisher\" content=\"https:\/\/www.facebook.com\/srgroupas\/\" \/>\n<meta property=\"article:modified_time\" content=\"2025-10-24T09:43:09+00:00\" \/>\n<meta property=\"og:image\" content=\"https:\/\/sr-group.no\/wp-content\/uploads\/2023\/04\/SR-Group-1181008279.jpg\" \/>\n\t<meta property=\"og:image:width\" content=\"2500\" \/>\n\t<meta property=\"og:image:height\" content=\"1666\" \/>\n\t<meta property=\"og:image:type\" content=\"image\/jpeg\" \/>\n<meta name=\"twitter:card\" content=\"summary_large_image\" \/>\n<meta name=\"twitter:label1\" content=\"Estimated reading time\" \/>\n\t<meta name=\"twitter:data1\" content=\"4 minutes\" \/>\n<script type=\"application\/ld+json\" class=\"yoast-schema-graph\">{\"@context\":\"https:\\\/\\\/schema.org\",\"@graph\":[{\"@type\":\"WebPage\",\"@id\":\"https:\\\/\\\/sr-group.no\\\/selskapet\\\/baerekraft\\\/\",\"url\":\"https:\\\/\\\/sr-group.no\\\/selskapet\\\/baerekraft\\\/\",\"name\":\"B\u00e6rekraft i SR Group - SR Group\",\"isPartOf\":{\"@id\":\"https:\\\/\\\/sr-group.no\\\/#website\"},\"primaryImageOfPage\":{\"@id\":\"https:\\\/\\\/sr-group.no\\\/selskapet\\\/baerekraft\\\/#primaryimage\"},\"image\":{\"@id\":\"https:\\\/\\\/sr-group.no\\\/selskapet\\\/baerekraft\\\/#primaryimage\"},\"thumbnailUrl\":\"https:\\\/\\\/sr-group.no\\\/wp-content\\\/uploads\\\/2023\\\/04\\\/SR-Group-1181008279.jpg\",\"datePublished\":\"2023-03-01T10:04:31+00:00\",\"dateModified\":\"2025-10-24T09:43:09+00:00\",\"description\":\"SR Group tar b\u00e6rekraft p\u00e5 alvor. Les hvordan vi jobber for \u00e5 redusere v\u00e5rt klimafotavtrykk, styrke sosialt ansvar og bidra til lokalsamfunn \u2013 med FNs b\u00e6rekraftsm\u00e5l som rettesnor.\",\"breadcrumb\":{\"@id\":\"https:\\\/\\\/sr-group.no\\\/selskapet\\\/baerekraft\\\/#breadcrumb\"},\"inLanguage\":\"en-GB\",\"potentialAction\":[{\"@type\":\"ReadAction\",\"target\":[\"https:\\\/\\\/sr-group.no\\\/selskapet\\\/baerekraft\\\/\"]}]},{\"@type\":\"ImageObject\",\"inLanguage\":\"en-GB\",\"@id\":\"https:\\\/\\\/sr-group.no\\\/selskapet\\\/baerekraft\\\/#primaryimage\",\"url\":\"https:\\\/\\\/sr-group.no\\\/wp-content\\\/uploads\\\/2023\\\/04\\\/SR-Group-1181008279.jpg\",\"contentUrl\":\"https:\\\/\\\/sr-group.no\\\/wp-content\\\/uploads\\\/2023\\\/04\\\/SR-Group-1181008279.jpg\",\"width\":2500,\"height\":1666},{\"@type\":\"BreadcrumbList\",\"@id\":\"https:\\\/\\\/sr-group.no\\\/selskapet\\\/baerekraft\\\/#breadcrumb\",\"itemListElement\":[{\"@type\":\"ListItem\",\"position\":1,\"name\":\"Hjem\",\"item\":\"https:\\\/\\\/sr-group.no\\\/\"},{\"@type\":\"ListItem\",\"position\":2,\"name\":\"Selskapet\",\"item\":\"https:\\\/\\\/sr-group.no\\\/selskapet\\\/\"},{\"@type\":\"ListItem\",\"position\":3,\"name\":\"B\u00e6rekraft i SR Group\"}]},{\"@type\":\"WebSite\",\"@id\":\"https:\\\/\\\/sr-group.no\\\/#website\",\"url\":\"https:\\\/\\\/sr-group.no\\\/\",\"name\":\"SR Group\",\"description\":\"\",\"publisher\":{\"@id\":\"https:\\\/\\\/sr-group.no\\\/#organization\"},\"potentialAction\":[{\"@type\":\"SearchAction\",\"target\":{\"@type\":\"EntryPoint\",\"urlTemplate\":\"https:\\\/\\\/sr-group.no\\\/?s={search_term_string}\"},\"query-input\":{\"@type\":\"PropertyValueSpecification\",\"valueRequired\":true,\"valueName\":\"search_term_string\"}}],\"inLanguage\":\"en-GB\"},{\"@type\":\"Organization\",\"@id\":\"https:\\\/\\\/sr-group.no\\\/#organization\",\"name\":\"SR Group\",\"url\":\"https:\\\/\\\/sr-group.no\\\/\",\"logo\":{\"@type\":\"ImageObject\",\"inLanguage\":\"en-GB\",\"@id\":\"https:\\\/\\\/sr-group.no\\\/#\\\/schema\\\/logo\\\/image\\\/\",\"url\":\"https:\\\/\\\/sr-group.no\\\/wp-content\\\/uploads\\\/2023\\\/03\\\/sr-group-logo-whiteBG-300.svg\",\"contentUrl\":\"https:\\\/\\\/sr-group.no\\\/wp-content\\\/uploads\\\/2023\\\/03\\\/sr-group-logo-whiteBG-300.svg\",\"width\":299,\"height\":83,\"caption\":\"SR Group\"},\"image\":{\"@id\":\"https:\\\/\\\/sr-group.no\\\/#\\\/schema\\\/logo\\\/image\\\/\"},\"sameAs\":[\"https:\\\/\\\/www.facebook.com\\\/srgroupas\\\/\",\"https:\\\/\\\/www.instagram.com\\\/srgroupas\\\/\",\"https:\\\/\\\/www.linkedin.com\\\/company\\\/srgroupas\\\/\",\"https:\\\/\\\/www.youtube.com\\\/channel\\\/UCtGTRnOdUB-Wz7Hj5kCSKVQ\"]}]}<\/script>\n<!-- \/ Yoast SEO plugin. -->","yoast_head_json":{"title":"B\u00e6rekraft i SR Group - SR Group","description":"SR Group tar b\u00e6rekraft p\u00e5 alvor. Les hvordan vi jobber for \u00e5 redusere v\u00e5rt klimafotavtrykk, styrke sosialt ansvar og bidra til lokalsamfunn \u2013 med FNs b\u00e6rekraftsm\u00e5l som rettesnor.","robots":{"index":"index","follow":"follow","max-snippet":"max-snippet:-1","max-image-preview":"max-image-preview:large","max-video-preview":"max-video-preview:-1"},"canonical":"https:\/\/sr-group.no\/en\/the-company\/sustainability\/","og_locale":"en_GB","og_type":"article","og_title":"B\u00e6rekraft i SR Group - SR Group","og_description":"SR Group tar b\u00e6rekraft p\u00e5 alvor. Les hvordan vi jobber for \u00e5 redusere v\u00e5rt klimafotavtrykk, styrke sosialt ansvar og bidra til lokalsamfunn \u2013 med FNs b\u00e6rekraftsm\u00e5l som rettesnor.","og_url":"https:\/\/sr-group.no\/en\/the-company\/sustainability\/","og_site_name":"SR Group","article_publisher":"https:\/\/www.facebook.com\/srgroupas\/","article_modified_time":"2025-10-24T09:43:09+00:00","og_image":[{"width":2500,"height":1666,"url":"https:\/\/sr-group.no\/wp-content\/uploads\/2023\/04\/SR-Group-1181008279.jpg","type":"image\/jpeg"}],"twitter_card":"summary_large_image","twitter_misc":{"Estimated reading time":"4 minutes"},"schema":{"@context":"https:\/\/schema.org","@graph":[{"@type":"WebPage","@id":"https:\/\/sr-group.no\/selskapet\/baerekraft\/","url":"https:\/\/sr-group.no\/selskapet\/baerekraft\/","name":"B\u00e6rekraft i SR Group - SR Group","isPartOf":{"@id":"https:\/\/sr-group.no\/#website"},"primaryImageOfPage":{"@id":"https:\/\/sr-group.no\/selskapet\/baerekraft\/#primaryimage"},"image":{"@id":"https:\/\/sr-group.no\/selskapet\/baerekraft\/#primaryimage"},"thumbnailUrl":"https:\/\/sr-group.no\/wp-content\/uploads\/2023\/04\/SR-Group-1181008279.jpg","datePublished":"2023-03-01T10:04:31+00:00","dateModified":"2025-10-24T09:43:09+00:00","description":"SR Group tar b\u00e6rekraft p\u00e5 alvor. Les hvordan vi jobber for \u00e5 redusere v\u00e5rt klimafotavtrykk, styrke sosialt ansvar og bidra til lokalsamfunn \u2013 med FNs b\u00e6rekraftsm\u00e5l som rettesnor.","breadcrumb":{"@id":"https:\/\/sr-group.no\/selskapet\/baerekraft\/#breadcrumb"},"inLanguage":"en-GB","potentialAction":[{"@type":"ReadAction","target":["https:\/\/sr-group.no\/selskapet\/baerekraft\/"]}]},{"@type":"ImageObject","inLanguage":"en-GB","@id":"https:\/\/sr-group.no\/selskapet\/baerekraft\/#primaryimage","url":"https:\/\/sr-group.no\/wp-content\/uploads\/2023\/04\/SR-Group-1181008279.jpg","contentUrl":"https:\/\/sr-group.no\/wp-content\/uploads\/2023\/04\/SR-Group-1181008279.jpg","width":2500,"height":1666},{"@type":"BreadcrumbList","@id":"https:\/\/sr-group.no\/selskapet\/baerekraft\/#breadcrumb","itemListElement":[{"@type":"ListItem","position":1,"name":"Hjem","item":"https:\/\/sr-group.no\/"},{"@type":"ListItem","position":2,"name":"Selskapet","item":"https:\/\/sr-group.no\/selskapet\/"},{"@type":"ListItem","position":3,"name":"B\u00e6rekraft i SR Group"}]},{"@type":"WebSite","@id":"https:\/\/sr-group.no\/#website","url":"https:\/\/sr-group.no\/","name":"SR Group","description":"","publisher":{"@id":"https:\/\/sr-group.no\/#organization"},"potentialAction":[{"@type":"SearchAction","target":{"@type":"EntryPoint","urlTemplate":"https:\/\/sr-group.no\/?s={search_term_string}"},"query-input":{"@type":"PropertyValueSpecification","valueRequired":true,"valueName":"search_term_string"}}],"inLanguage":"en-GB"},{"@type":"Organization","@id":"https:\/\/sr-group.no\/#organization","name":"SR Group","url":"https:\/\/sr-group.no\/","logo":{"@type":"ImageObject","inLanguage":"en-GB","@id":"https:\/\/sr-group.no\/#\/schema\/logo\/image\/","url":"https:\/\/sr-group.no\/wp-content\/uploads\/2023\/03\/sr-group-logo-whiteBG-300.svg","contentUrl":"https:\/\/sr-group.no\/wp-content\/uploads\/2023\/03\/sr-group-logo-whiteBG-300.svg","width":299,"height":83,"caption":"SR Group"},"image":{"@id":"https:\/\/sr-group.no\/#\/schema\/logo\/image\/"},"sameAs":["https:\/\/www.facebook.com\/srgroupas\/","https:\/\/www.instagram.com\/srgroupas\/","https:\/\/www.linkedin.com\/company\/srgroupas\/","https:\/\/www.youtube.com\/channel\/UCtGTRnOdUB-Wz7Hj5kCSKVQ"]}]}},"_links":{"self":[{"href":"https:\/\/sr-group.no\/en\/wp-json\/wp\/v2\/pages\/29","targetHints":{"allow":["GET"]}}],"collection":[{"href":"https:\/\/sr-group.no\/en\/wp-json\/wp\/v2\/pages"}],"about":[{"href":"https:\/\/sr-group.no\/en\/wp-json\/wp\/v2\/types\/page"}],"author":[{"embeddable":true,"href":"https:\/\/sr-group.no\/en\/wp-json\/wp\/v2\/users\/1"}],"replies":[{"embeddable":true,"href":"https:\/\/sr-group.no\/en\/wp-json\/wp\/v2\/comments?post=29"}],"version-history":[{"count":0,"href":"https:\/\/sr-group.no\/en\/wp-json\/wp\/v2\/pages\/29\/revisions"}],"up":[{"embeddable":true,"href":"https:\/\/sr-group.no\/en\/wp-json\/wp\/v2\/pages\/22"}],"wp:featuredmedia":[{"embeddable":true,"href":"https:\/\/sr-group.no\/en\/wp-json\/wp\/v2\/media\/6936"}],"wp:attachment":[{"href":"https:\/\/sr-group.no\/en\/wp-json\/wp\/v2\/media?parent=29"}],"curies":[{"name":"wp","href":"https:\/\/api.w.org\/{rel}","templated":true}]}}